{"id":2616,"date":"2025-04-06T12:13:02","date_gmt":"2025-04-06T10:13:02","guid":{"rendered":"https:\/\/www.mestskytrhik.sk\/cms\/?page_id=2616"},"modified":"2025-04-26T00:05:46","modified_gmt":"2025-04-25T22:05:46","slug":"podcast-dobre-v-meste","status":"publish","type":"page","link":"https:\/\/www.mestskytrhik.sk\/cms\/podcast-dobre-v-meste\/","title":{"rendered":"Podcast DOBRE V MESTE"},"content":{"rendered":"\n<h2 class=\"wp-block-heading alignwide has-text-align-center has-subtle-background-background-color has-background\">Podcast DOBRE V MESTE \u2013 rozhovory z Nov\u00e9ho Mesta nad V\u00e1hom<\/h2>\n\n\n\n<p>Podcast DOBRE V MESTE \u2013 rozhovory z Nov\u00e9ho Mesta nad V\u00e1hom.<\/p>\n\n\n\n<p>Ob\u010dianske zdru\u017eenie <strong>Dobre v meste<\/strong> spustilo svoj \u00faplne prv\u00fd <strong>podcast z Nov\u00e9ho Mesta nad V\u00e1hom<\/strong>, ktor\u00fd prin\u00e1\u0161a rozhovory s \u013eu\u010fmi, ktor\u00ed formuj\u00fa komunitn\u00fd \u017eivot, vytv\u00e1raj\u00fa nov\u00e9 projekty a pom\u00e1haj\u00fa meni\u0165 na\u0161e mesto k lep\u0161iemu, aby ste ich bli\u017e\u0161ie spoznali.<\/p>\n\n\n\n<blockquote class=\"wp-block-quote is-layout-flow wp-block-quote-is-layout-flow\">\n<p><strong>Podcast DOBRE V MESTE<\/strong> je dostupn\u00fd na <strong>Spotify aj YouTube<\/strong>, \u010doskoro dopln\u00edme na \u010fal\u0161ie platformy.<\/p>\n<\/blockquote>\n\n\n\n<figure class=\"wp-block-embed is-type-video is-provider-youtube wp-block-embed-youtube wp-embed-aspect-16-9 wp-has-aspect-ratio\"><div class=\"wp-block-embed__wrapper\">\n<iframe loading=\"lazy\" title=\"Podcast DOBRE v MESTE #1 | Ako sme za\u010d\u00ednali, ako vznikol Mestsk\u00fd Trh\u00edk a \u010do bude FestMesto.\" width=\"580\" height=\"326\" src=\"https:\/\/www.youtube.com\/embed\/nBtSV71AFcc?feature=oembed\" frameborder=\"0\" allow=\"accelerometer; autoplay; clipboard-write; encrypted-media; gyroscope; picture-in-picture; web-share\" referrerpolicy=\"strict-origin-when-cross-origin\" allowfullscreen><\/iframe>\n<\/div><\/figure>\n\n\n\n<h3 class=\"wp-block-heading\">O \u010dom je prv\u00e1 epiz\u00f3da Podcastu DOBRE V MESTE?<\/h3>\n\n\n\n<p>Na \u00favod v epiz\u00f3de sa navz\u00e1jom predstavuj\u00fa dve zakladate\u013eky ob\u010dianskych zdru\u017een\u00ed \u2013 <strong>Iveta Antalov\u00e1<\/strong> (OZ Dobre v meste) a <strong>Jana Koles\u00e1rov\u00e1<\/strong> (OZ Ateli\u00e9r n\u00e1padov). Okrem toho hovoria o svojich za\u010diatkoch, komunitn\u00fdch aktivit\u00e1ch a o tom, pre\u010do sa rozhodli venova\u0165 rozvoju ob\u010dianskeho \u017eivota v Novom Meste nad V\u00e1hom.<\/p>\n\n\n\n<p>Hlavn\u00fdmi t\u00e9mami podcastu s\u00fa:<\/p>\n\n\n\n<ul class=\"wp-block-list\">\n<li>vznik a rozvoj <strong>komunitn\u00e9ho podujatia Mestsk\u00fd trh\u00edk<\/strong>, ktor\u00e9 sa ka\u017edoro\u010dne kon\u00e1 v centre Nov\u00e9ho Mesta nad V\u00e1hom (od roku 2022),<\/li>\n\n\n\n<li>zapojenie do podujatia <strong>Adventn\u00e9 potulky mestom<\/strong> prostredn\u00edctvom <strong>Viano\u010dn\u00e9ho Mestsk\u00e9ho trh\u00edka<\/strong>,<\/li>\n\n\n\n<li>podpora <strong>dobrovo\u013en\u00edctva<\/strong>, komunitn\u00e9ho prep\u00e1jania a miestneho remesla, ako to prebieha<\/li>\n\n\n\n<li>osobn\u00e9 pr\u00edbehy a motiv\u00e1cie, ktor\u00e9 stoja za t\u00fdmito iniciat\u00edvami, z\u00e1rove\u0148 \u010domu sa \u010falej venujeme<\/li>\n<\/ul>\n\n\n\n<blockquote class=\"wp-block-quote is-layout-flow wp-block-quote-is-layout-flow\">\n<p>Okrem toho v tomto podcaste si povieme aj o z\u00e1kulis\u00ed \u010fal\u0161\u00edch aktiv\u00edt organiz\u00e1toriek, o <strong>kraj\u010d\u00edrskej dielne<\/strong>, ktor\u00fa vedie Jana. O podpore <strong>\u0161tudentsk\u00fdch firiem<\/strong>, ktorej sa venuje Iveta.<\/p>\n<\/blockquote>\n\n\n\n<h3 class=\"wp-block-heading\">Kde n\u00e1jdete nov\u00fd podcast?<\/h3>\n\n\n\n<p>Podcast si m\u00f4\u017eete:<\/p>\n\n\n\n<ul class=\"wp-block-list\">\n<li><strong>vypo\u010du\u0165 na Spotify<\/strong> \u2013 sta\u010d\u00ed zada\u0165 \u201ePodcast Dobre v meste\u201c, <\/li>\n\n\n\n<li><strong>pozrie\u0165 na YouTube<\/strong> \u2013 h\u013eadajte \u201ePodcast Dobre v meste\u201c alebo kliknite na odkazy na na\u0161ich soci\u00e1lnych sie\u0165ach a webe.<\/li>\n<\/ul>\n\n\n\n<figure class=\"wp-block-embed is-type-rich is-provider-spotify wp-block-embed-spotify wp-embed-aspect-21-9 wp-has-aspect-ratio\"><div class=\"wp-block-embed__wrapper\">\n<iframe title=\"Spotify Embed: Kto a \u010do je Dobre v Meste? \" style=\"border-radius: 12px\" width=\"100%\" height=\"152\" frameborder=\"0\" allowfullscreen allow=\"autoplay; clipboard-write; encrypted-media; fullscreen; picture-in-picture\" loading=\"lazy\" src=\"https:\/\/open.spotify.com\/embed\/show\/4J2IH667U498kTk9gtkOON?si=e67fb9b7810a461c&#038;utm_source=oembed\"><\/iframe>\n<\/div><\/figure>\n\n\n\n<p>Okrem toho budeme pokra\u010dova\u0165 \u010fal\u0161\u00edmi epiz\u00f3dami, kde priv\u00edtame <strong>in\u0161pirat\u00edvnych \u013eud\u00ed z Nov\u00e9ho Mesta nad V\u00e1hom a okolia<\/strong>. <\/p>\n\n\n\n<p>\ud83d\udc49 Av\u0161ak sledujte n\u00e1s a zosta\u0148te v obraze o tom, \u010do sa deje <strong>dobre v na\u0161om meste<\/strong>.<\/p>\n\n\n\n<p><\/p>\n\n\n\n<blockquote class=\"wp-block-quote is-layout-flow wp-block-quote-is-layout-flow\">\n<p>Te\u0161\u00edme sa na va\u0161u sp\u00e4tn\u00fa v\u00e4zbu a u\u017e \u010doskoro sa m\u00f4\u017eete te\u0161i\u0165 na \u010fal\u0161ie rozhovory so zauj\u00edmav\u00fdmi \u013eu\u010fmi, ktor\u00ed tvoria lep\u0161ie mesto pre n\u00e1s v\u0161etk\u00fdch.<\/p>\n<\/blockquote>\n\n\n\n<h3 class=\"wp-block-heading\">\ud83d\udd0a <strong>M\u00e1te tip na zauj\u00edmav\u00e9ho \u010dloveka z n\u00e1\u0161ho mesta? Dajte n\u00e1m vedie\u0165!<\/strong><\/h3>\n\n\n\n<p>Vznikol preto, aby sme spoznali \u013eud\u00ed, ktor\u00ed robia na\u0161e mesto kraj\u0161\u00edm, tvorivej\u0161\u00edm a \u017eiv\u0161\u00edm. Mo\u017eno o niektor\u00fdch u\u017e vieme \u2013 no mo\u017eno pr\u00e1ve vy pozn\u00e1te niekoho, koho pr\u00edbeh by mal zaznie\u0165 v \u010fal\u0161\u00edch epiz\u00f3dach.<\/p>\n\n\n\n<p>\u27a1\ufe0f <strong>Pozn\u00e1te zauj\u00edmav\u00e9ho \u010dloveka z Nov\u00e9ho Mesta nad V\u00e1hom alebo okolia?<br>Niekoho, kto in\u0161piruje, pom\u00e1ha, tvor\u00ed alebo sp\u00e1ja komunitu?<\/strong><\/p>\n\n\n\n<p>Preto budeme radi, ak n\u00e1m d\u00e1te tip! M\u00f4\u017ee to by\u0165 remeseln\u00edk, dobrovo\u013en\u00edk, podnikate\u013e, u\u010dite\u013e, aktivista, umelec \u2013 jednoducho niekto, koho by si ostatn\u00ed radi vypo\u010duli.<\/p>\n\n\n\n<p>\ud83d\udce9 Nap\u00ed\u0161te n\u00e1m na e-mail mestskytrhik@gmail.com alebo n\u00e1m po\u0161lite spr\u00e1vu cez Instagram \u010di Facebook. Z\u00e1rove\u0148 spolu objav\u00edme \u010fal\u0161ie pr\u00edbehy, ktor\u00e9 stoja za zdie\u013eanie.<\/p>\n\n\n\n<figure class=\"wp-block-image size-large\"><img loading=\"lazy\" decoding=\"async\" width=\"1024\" height=\"683\" src=\"https:\/\/www.mestskytrhik.sk\/cms\/wp-content\/uploads\/2025\/01\/v.okamihu-140-1024x683.jpg\" alt=\"Adventn\u00e9 potulky mestom Nov\u00e9 Mesto nad V\u00e1hom\" class=\"wp-image-2593\" srcset=\"https:\/\/www.mestskytrhik.sk\/cms\/wp-content\/uploads\/2025\/01\/v.okamihu-140-1024x683.jpg 1024w, https:\/\/www.mestskytrhik.sk\/cms\/wp-content\/uploads\/2025\/01\/v.okamihu-140-300x200.jpg 300w, https:\/\/www.mestskytrhik.sk\/cms\/wp-content\/uploads\/2025\/01\/v.okamihu-140-768x512.jpg 768w, https:\/\/www.mestskytrhik.sk\/cms\/wp-content\/uploads\/2025\/01\/v.okamihu-140-1536x1024.jpg 1536w, https:\/\/www.mestskytrhik.sk\/cms\/wp-content\/uploads\/2025\/01\/v.okamihu-140-2048x1365.jpg 2048w, https:\/\/www.mestskytrhik.sk\/cms\/wp-content\/uploads\/2025\/01\/v.okamihu-140-1200x800.jpg 1200w, https:\/\/www.mestskytrhik.sk\/cms\/wp-content\/uploads\/2025\/01\/v.okamihu-140-1980x1320.jpg 1980w\" sizes=\"auto, (max-width: 1024px) 100vw, 1024px\" \/><figcaption class=\"wp-element-caption\">Adventn\u00e9 potulky mestom<\/figcaption><\/figure>\n","protected":false},"excerpt":{"rendered":"<p>Podcast DOBRE V MESTE \u2013 rozhovory z Nov\u00e9ho Mesta nad V\u00e1hom Podcast DOBRE V MESTE \u2013 rozhovory z Nov\u00e9ho Mesta nad V\u00e1hom. Ob\u010dianske zdru\u017eenie Dobre v meste spustilo svoj \u00faplne [&hellip;]<\/p>\n","protected":false},"author":1,"featured_media":997,"parent":0,"menu_order":0,"comment_status":"closed","ping_status":"closed","template":"","meta":{"_uag_custom_page_level_css":"","_monsterinsights_skip_tracking":false,"_monsterinsights_sitenote_active":false,"_monsterinsights_sitenote_note":"","_monsterinsights_sitenote_category":0,"ngg_post_thumbnail":0,"footnotes":""},"class_list":["post-2616","page","type-page","status-publish","has-post-thumbnail","hentry"],"yoast_head":"<!-- This site is optimized with the Yoast SEO plugin v27.5 - https:\/\/yoast.com\/product\/yoast-seo-wordpress\/ -->\n<title>Podcast DOBRE V MESTE - Mestsk\u00fd trh\u00edk<\/title>\n<meta name=\"description\" content=\"Vypo\u010dujte si nov\u00fd podcast z Nov\u00e9ho Mesta nad V\u00e1hom. Rozhovory o komunite, dobrovo\u013en\u00edctve a Mestskom trh\u00edku. Dostupn\u00e9 na Spotify a YouTube\" \/>\n<meta name=\"robots\" content=\"index, follow, max-snippet:-1, max-image-preview:large, max-video-preview:-1\" \/>\n<link rel=\"canonical\" href=\"https:\/\/www.mestskytrhik.sk\/cms\/podcast-dobre-v-meste\/\" \/>\n<meta property=\"og:locale\" content=\"sk_SK\" \/>\n<meta property=\"og:type\" content=\"article\" \/>\n<meta property=\"og:title\" content=\"Podcast DOBRE V MESTE - Mestsk\u00fd trh\u00edk\" \/>\n<meta property=\"og:description\" content=\"Vypo\u010dujte si nov\u00fd podcast z Nov\u00e9ho Mesta nad V\u00e1hom. Rozhovory o komunite, dobrovo\u013en\u00edctve a Mestskom trh\u00edku. Dostupn\u00e9 na Spotify a YouTube\" \/>\n<meta property=\"og:url\" content=\"https:\/\/www.mestskytrhik.sk\/cms\/podcast-dobre-v-meste\/\" \/>\n<meta property=\"og:site_name\" content=\"Mestsk\u00fd trh\u00edk\" \/>\n<meta property=\"article:publisher\" content=\"https:\/\/www.facebook.com\/mestskytrhik\" \/>\n<meta property=\"article:modified_time\" content=\"2025-04-25T22:05:46+00:00\" \/>\n<meta property=\"og:image\" content=\"https:\/\/www.mestskytrhik.sk\/cms\/wp-content\/uploads\/2023\/01\/trhik-5-kopia-e1743934839722.jpg\" \/>\n\t<meta property=\"og:image:width\" content=\"1280\" \/>\n\t<meta property=\"og:image:height\" content=\"580\" \/>\n\t<meta property=\"og:image:type\" content=\"image\/jpeg\" \/>\n<meta name=\"twitter:card\" content=\"summary_large_image\" \/>\n<meta name=\"twitter:label1\" content=\"Predpokladan\u00fd \u010das \u010d\u00edtania\" \/>\n\t<meta name=\"twitter:data1\" content=\"3 min\u00faty\" \/>\n<script type=\"application\/ld+json\" class=\"yoast-schema-graph\">{\"@context\":\"https:\\\/\\\/schema.org\",\"@graph\":[{\"@type\":\"WebPage\",\"@id\":\"https:\\\/\\\/www.mestskytrhik.sk\\\/cms\\\/podcast-dobre-v-meste\\\/\",\"url\":\"https:\\\/\\\/www.mestskytrhik.sk\\\/cms\\\/podcast-dobre-v-meste\\\/\",\"name\":\"Podcast DOBRE V MESTE - Mestsk\u00fd trh\u00edk\",\"isPartOf\":{\"@id\":\"https:\\\/\\\/www.mestskytrhik.sk\\\/cms\\\/#website\"},\"primaryImageOfPage\":{\"@id\":\"https:\\\/\\\/www.mestskytrhik.sk\\\/cms\\\/podcast-dobre-v-meste\\\/#primaryimage\"},\"image\":{\"@id\":\"https:\\\/\\\/www.mestskytrhik.sk\\\/cms\\\/podcast-dobre-v-meste\\\/#primaryimage\"},\"thumbnailUrl\":\"https:\\\/\\\/www.mestskytrhik.sk\\\/cms\\\/wp-content\\\/uploads\\\/2023\\\/01\\\/trhik-5-kopia-e1743934839722.jpg\",\"datePublished\":\"2025-04-06T10:13:02+00:00\",\"dateModified\":\"2025-04-25T22:05:46+00:00\",\"description\":\"Vypo\u010dujte si nov\u00fd podcast z Nov\u00e9ho Mesta nad V\u00e1hom. Rozhovory o komunite, dobrovo\u013en\u00edctve a Mestskom trh\u00edku. Dostupn\u00e9 na Spotify a YouTube\",\"breadcrumb\":{\"@id\":\"https:\\\/\\\/www.mestskytrhik.sk\\\/cms\\\/podcast-dobre-v-meste\\\/#breadcrumb\"},\"inLanguage\":\"sk-SK\",\"potentialAction\":[{\"@type\":\"ReadAction\",\"target\":[\"https:\\\/\\\/www.mestskytrhik.sk\\\/cms\\\/podcast-dobre-v-meste\\\/\"]}]},{\"@type\":\"ImageObject\",\"inLanguage\":\"sk-SK\",\"@id\":\"https:\\\/\\\/www.mestskytrhik.sk\\\/cms\\\/podcast-dobre-v-meste\\\/#primaryimage\",\"url\":\"https:\\\/\\\/www.mestskytrhik.sk\\\/cms\\\/wp-content\\\/uploads\\\/2023\\\/01\\\/trhik-5-kopia-e1743934839722.jpg\",\"contentUrl\":\"https:\\\/\\\/www.mestskytrhik.sk\\\/cms\\\/wp-content\\\/uploads\\\/2023\\\/01\\\/trhik-5-kopia-e1743934839722.jpg\",\"width\":1280,\"height\":580,\"caption\":\"Mestsk\u00fd trh\u00edk v parku J.M.Hurbana v Novom Meste nad V\u00e1hom\"},{\"@type\":\"BreadcrumbList\",\"@id\":\"https:\\\/\\\/www.mestskytrhik.sk\\\/cms\\\/podcast-dobre-v-meste\\\/#breadcrumb\",\"itemListElement\":[{\"@type\":\"ListItem\",\"position\":1,\"name\":\"Home\",\"item\":\"https:\\\/\\\/www.mestskytrhik.sk\\\/cms\\\/\"},{\"@type\":\"ListItem\",\"position\":2,\"name\":\"Podcast DOBRE V MESTE\"}]},{\"@type\":\"WebSite\",\"@id\":\"https:\\\/\\\/www.mestskytrhik.sk\\\/cms\\\/#website\",\"url\":\"https:\\\/\\\/www.mestskytrhik.sk\\\/cms\\\/\",\"name\":\"Mestsk\u00fd trh\u00edk\",\"description\":\"o\u017eivuje verejn\u00fd priestor a podporuje lok\u00e1lnu tvorbu\",\"publisher\":{\"@id\":\"https:\\\/\\\/www.mestskytrhik.sk\\\/cms\\\/#organization\"},\"alternateName\":\"o\u017eivuje verejn\u00fd priestor a podporuje lok\u00e1lnu tvorbu\",\"potentialAction\":[{\"@type\":\"SearchAction\",\"target\":{\"@type\":\"EntryPoint\",\"urlTemplate\":\"https:\\\/\\\/www.mestskytrhik.sk\\\/cms\\\/?s={search_term_string}\"},\"query-input\":{\"@type\":\"PropertyValueSpecification\",\"valueRequired\":true,\"valueName\":\"search_term_string\"}}],\"inLanguage\":\"sk-SK\"},{\"@type\":\"Organization\",\"@id\":\"https:\\\/\\\/www.mestskytrhik.sk\\\/cms\\\/#organization\",\"name\":\"Mestsk\u00fd trh\u00edk\",\"alternateName\":\"Komunita\",\"url\":\"https:\\\/\\\/www.mestskytrhik.sk\\\/cms\\\/\",\"logo\":{\"@type\":\"ImageObject\",\"inLanguage\":\"sk-SK\",\"@id\":\"https:\\\/\\\/www.mestskytrhik.sk\\\/cms\\\/#\\\/schema\\\/logo\\\/image\\\/\",\"url\":\"https:\\\/\\\/www.mestskytrhik.sk\\\/cms\\\/wp-content\\\/uploads\\\/2024\\\/12\\\/cropped-Logo.jpg\",\"contentUrl\":\"https:\\\/\\\/www.mestskytrhik.sk\\\/cms\\\/wp-content\\\/uploads\\\/2024\\\/12\\\/cropped-Logo.jpg\",\"width\":939,\"height\":816,\"caption\":\"Mestsk\u00fd trh\u00edk\"},\"image\":{\"@id\":\"https:\\\/\\\/www.mestskytrhik.sk\\\/cms\\\/#\\\/schema\\\/logo\\\/image\\\/\"},\"sameAs\":[\"https:\\\/\\\/www.facebook.com\\\/mestskytrhik\",\"https:\\\/\\\/www.instagram.com\\\/mestsky_trhik\\\/\"]}]}<\/script>\n<!-- \/ Yoast SEO plugin. -->","yoast_head_json":{"title":"Podcast DOBRE V MESTE - Mestsk\u00fd trh\u00edk","description":"Vypo\u010dujte si nov\u00fd podcast z Nov\u00e9ho Mesta nad V\u00e1hom. Rozhovory o komunite, dobrovo\u013en\u00edctve a Mestskom trh\u00edku. Dostupn\u00e9 na Spotify a YouTube","robots":{"index":"index","follow":"follow","max-snippet":"max-snippet:-1","max-image-preview":"max-image-preview:large","max-video-preview":"max-video-preview:-1"},"canonical":"https:\/\/www.mestskytrhik.sk\/cms\/podcast-dobre-v-meste\/","og_locale":"sk_SK","og_type":"article","og_title":"Podcast DOBRE V MESTE - Mestsk\u00fd trh\u00edk","og_description":"Vypo\u010dujte si nov\u00fd podcast z Nov\u00e9ho Mesta nad V\u00e1hom. Rozhovory o komunite, dobrovo\u013en\u00edctve a Mestskom trh\u00edku. Dostupn\u00e9 na Spotify a YouTube","og_url":"https:\/\/www.mestskytrhik.sk\/cms\/podcast-dobre-v-meste\/","og_site_name":"Mestsk\u00fd trh\u00edk","article_publisher":"https:\/\/www.facebook.com\/mestskytrhik","article_modified_time":"2025-04-25T22:05:46+00:00","og_image":[{"width":1280,"height":580,"url":"https:\/\/www.mestskytrhik.sk\/cms\/wp-content\/uploads\/2023\/01\/trhik-5-kopia-e1743934839722.jpg","type":"image\/jpeg"}],"twitter_card":"summary_large_image","twitter_misc":{"Predpokladan\u00fd \u010das \u010d\u00edtania":"3 min\u00faty"},"schema":{"@context":"https:\/\/schema.org","@graph":[{"@type":"WebPage","@id":"https:\/\/www.mestskytrhik.sk\/cms\/podcast-dobre-v-meste\/","url":"https:\/\/www.mestskytrhik.sk\/cms\/podcast-dobre-v-meste\/","name":"Podcast DOBRE V MESTE - Mestsk\u00fd trh\u00edk","isPartOf":{"@id":"https:\/\/www.mestskytrhik.sk\/cms\/#website"},"primaryImageOfPage":{"@id":"https:\/\/www.mestskytrhik.sk\/cms\/podcast-dobre-v-meste\/#primaryimage"},"image":{"@id":"https:\/\/www.mestskytrhik.sk\/cms\/podcast-dobre-v-meste\/#primaryimage"},"thumbnailUrl":"https:\/\/www.mestskytrhik.sk\/cms\/wp-content\/uploads\/2023\/01\/trhik-5-kopia-e1743934839722.jpg","datePublished":"2025-04-06T10:13:02+00:00","dateModified":"2025-04-25T22:05:46+00:00","description":"Vypo\u010dujte si nov\u00fd podcast z Nov\u00e9ho Mesta nad V\u00e1hom. Rozhovory o komunite, dobrovo\u013en\u00edctve a Mestskom trh\u00edku. Dostupn\u00e9 na Spotify a YouTube","breadcrumb":{"@id":"https:\/\/www.mestskytrhik.sk\/cms\/podcast-dobre-v-meste\/#breadcrumb"},"inLanguage":"sk-SK","potentialAction":[{"@type":"ReadAction","target":["https:\/\/www.mestskytrhik.sk\/cms\/podcast-dobre-v-meste\/"]}]},{"@type":"ImageObject","inLanguage":"sk-SK","@id":"https:\/\/www.mestskytrhik.sk\/cms\/podcast-dobre-v-meste\/#primaryimage","url":"https:\/\/www.mestskytrhik.sk\/cms\/wp-content\/uploads\/2023\/01\/trhik-5-kopia-e1743934839722.jpg","contentUrl":"https:\/\/www.mestskytrhik.sk\/cms\/wp-content\/uploads\/2023\/01\/trhik-5-kopia-e1743934839722.jpg","width":1280,"height":580,"caption":"Mestsk\u00fd trh\u00edk v parku J.M.Hurbana v Novom Meste nad V\u00e1hom"},{"@type":"BreadcrumbList","@id":"https:\/\/www.mestskytrhik.sk\/cms\/podcast-dobre-v-meste\/#breadcrumb","itemListElement":[{"@type":"ListItem","position":1,"name":"Home","item":"https:\/\/www.mestskytrhik.sk\/cms\/"},{"@type":"ListItem","position":2,"name":"Podcast DOBRE V MESTE"}]},{"@type":"WebSite","@id":"https:\/\/www.mestskytrhik.sk\/cms\/#website","url":"https:\/\/www.mestskytrhik.sk\/cms\/","name":"Mestsk\u00fd trh\u00edk","description":"o\u017eivuje verejn\u00fd priestor a podporuje lok\u00e1lnu tvorbu","publisher":{"@id":"https:\/\/www.mestskytrhik.sk\/cms\/#organization"},"alternateName":"o\u017eivuje verejn\u00fd priestor a podporuje lok\u00e1lnu tvorbu","potentialAction":[{"@type":"SearchAction","target":{"@type":"EntryPoint","urlTemplate":"https:\/\/www.mestskytrhik.sk\/cms\/?s={search_term_string}"},"query-input":{"@type":"PropertyValueSpecification","valueRequired":true,"valueName":"search_term_string"}}],"inLanguage":"sk-SK"},{"@type":"Organization","@id":"https:\/\/www.mestskytrhik.sk\/cms\/#organization","name":"Mestsk\u00fd trh\u00edk","alternateName":"Komunita","url":"https:\/\/www.mestskytrhik.sk\/cms\/","logo":{"@type":"ImageObject","inLanguage":"sk-SK","@id":"https:\/\/www.mestskytrhik.sk\/cms\/#\/schema\/logo\/image\/","url":"https:\/\/www.mestskytrhik.sk\/cms\/wp-content\/uploads\/2024\/12\/cropped-Logo.jpg","contentUrl":"https:\/\/www.mestskytrhik.sk\/cms\/wp-content\/uploads\/2024\/12\/cropped-Logo.jpg","width":939,"height":816,"caption":"Mestsk\u00fd trh\u00edk"},"image":{"@id":"https:\/\/www.mestskytrhik.sk\/cms\/#\/schema\/logo\/image\/"},"sameAs":["https:\/\/www.facebook.com\/mestskytrhik","https:\/\/www.instagram.com\/mestsky_trhik\/"]}]}},"uagb_featured_image_src":{"full":["https:\/\/www.mestskytrhik.sk\/cms\/wp-content\/uploads\/2023\/01\/trhik-5-kopia-e1743934839722.jpg",1280,580,false],"thumbnail":["https:\/\/www.mestskytrhik.sk\/cms\/wp-content\/uploads\/2023\/01\/trhik-5-kopia-e1743934839722-150x150.jpg",150,150,true],"medium":["https:\/\/www.mestskytrhik.sk\/cms\/wp-content\/uploads\/2023\/01\/trhik-5-kopia-e1743934839722-300x136.jpg",300,136,true],"medium_large":["https:\/\/www.mestskytrhik.sk\/cms\/wp-content\/uploads\/2023\/01\/trhik-5-kopia-e1743934839722-768x348.jpg",580,263,true],"large":["https:\/\/www.mestskytrhik.sk\/cms\/wp-content\/uploads\/2023\/01\/trhik-5-kopia-e1743934839722-1024x464.jpg",580,263,true],"1536x1536":["https:\/\/www.mestskytrhik.sk\/cms\/wp-content\/uploads\/2023\/01\/trhik-5-kopia-e1743934839722.jpg",1280,580,false],"2048x2048":["https:\/\/www.mestskytrhik.sk\/cms\/wp-content\/uploads\/2023\/01\/trhik-5-kopia-e1743934839722.jpg",1280,580,false],"post-thumbnail":["https:\/\/www.mestskytrhik.sk\/cms\/wp-content\/uploads\/2023\/01\/trhik-5-kopia-e1743934839722-1200x544.jpg",1200,544,true],"twentytwenty-fullscreen":["https:\/\/www.mestskytrhik.sk\/cms\/wp-content\/uploads\/2023\/01\/trhik-5-kopia-e1743934839722.jpg",1280,580,false]},"uagb_author_info":{"display_name":"Organiz\u00e1tor","author_link":"https:\/\/www.mestskytrhik.sk\/cms\/author\/admin\/"},"uagb_comment_info":0,"uagb_excerpt":"Podcast DOBRE V MESTE \u2013 rozhovory z Nov\u00e9ho Mesta nad V\u00e1hom Podcast DOBRE V MESTE \u2013 rozhovory z Nov\u00e9ho Mesta nad V\u00e1hom. Ob\u010dianske zdru\u017eenie Dobre v meste spustilo svoj \u00faplne [&hellip;]","_links":{"self":[{"href":"https:\/\/www.mestskytrhik.sk\/cms\/wp-json\/wp\/v2\/pages\/2616","targetHints":{"allow":["GET"]}}],"collection":[{"href":"https:\/\/www.mestskytrhik.sk\/cms\/wp-json\/wp\/v2\/pages"}],"about":[{"href":"https:\/\/www.mestskytrhik.sk\/cms\/wp-json\/wp\/v2\/types\/page"}],"author":[{"embeddable":true,"href":"https:\/\/www.mestskytrhik.sk\/cms\/wp-json\/wp\/v2\/users\/1"}],"replies":[{"embeddable":true,"href":"https:\/\/www.mestskytrhik.sk\/cms\/wp-json\/wp\/v2\/comments?post=2616"}],"version-history":[{"count":4,"href":"https:\/\/www.mestskytrhik.sk\/cms\/wp-json\/wp\/v2\/pages\/2616\/revisions"}],"predecessor-version":[{"id":2652,"href":"https:\/\/www.mestskytrhik.sk\/cms\/wp-json\/wp\/v2\/pages\/2616\/revisions\/2652"}],"wp:featuredmedia":[{"embeddable":true,"href":"https:\/\/www.mestskytrhik.sk\/cms\/wp-json\/wp\/v2\/media\/997"}],"wp:attachment":[{"href":"https:\/\/www.mestskytrhik.sk\/cms\/wp-json\/wp\/v2\/media?parent=2616"}],"curies":[{"name":"wp","href":"https:\/\/api.w.org\/{rel}","templated":true}]}}